{"id":10467,"date":"2023-12-11T16:41:33","date_gmt":"2023-12-11T15:41:33","guid":{"rendered":"https:\/\/www.comunitafiglididio.pistacchioweb.it\/?page_id=10467"},"modified":"2024-02-27T09:27:39","modified_gmt":"2024-02-27T08:27:39","slug":"meditazioni","status":"publish","type":"page","link":"https:\/\/www.comunitafiglididio.net\/es\/la-palabra-del-padre\/","title":{"rendered":"La palabra del padre"},"content":{"rendered":"<p>[et_pb_section fb_built=&#8221;1&#8243; custom_padding_last_edited=&#8221;on|phone&#8221; _builder_version=&#8221;4.23.4&#8243; _module_preset=&#8221;default&#8221; background_image=&#8221;https:\/\/www.comunitafiglididio.net\/wp-content\/uploads\/2024\/01\/divo-barsotti-meditazioni.webp&#8221; background_position=&#8221;bottom_center&#8221; background_vertical_offset=&#8221;59%&#8221; background_blend=&#8221;multiply&#8221; custom_padding=&#8221;75px||90px||false|&#8221; custom_padding_tablet=&#8221;75px||90px||false|&#8221; custom_padding_phone=&#8221;||50px||false|false&#8221; bottom_divider_style=&#8221;curve&#8221; bottom_divider_color=&#8221;#f7f7f7&#8243; bottom_divider_height_tablet=&#8221;&#8221; bottom_divider_height_phone=&#8221;45px&#8221; bottom_divider_height_last_edited=&#8221;on|phone&#8221; locked=&#8221;off&#8221; global_colors_info=&#8221;{}&#8221;][et_pb_row _builder_version=&#8221;4.20.2&#8243; _module_preset=&#8221;default&#8221; max_width=&#8221;2560px&#8221; locked=&#8221;off&#8221; global_colors_info=&#8221;{}&#8221;][et_pb_column type=&#8221;4_4&#8243; _builder_version=&#8221;4.20.2&#8243; _module_preset=&#8221;default&#8221; global_colors_info=&#8221;{}&#8221;][et_pb_text _builder_version=&#8221;4.23.4&#8243; _module_preset=&#8221;default&#8221; header_font=&#8221;Corinthia||||||||&#8221; header_text_align=&#8221;center&#8221; header_text_color=&#8221;#FFFFFF&#8221; header_font_size=&#8221;10vw&#8221; hover_transition_duration=&#8221;2000ms&#8221; scroll_vertical_motion=&#8221;0|80|80|100|0|0|12&#8243; scroll_fade=&#8221;0|70|70|100|100%|100|70%&#8221; motion_trigger_start=&#8221;bottom&#8221; header_font_size_tablet=&#8221;10vw&#8221; header_font_size_phone=&#8221;12vw&#8221; header_font_size_last_edited=&#8221;on|phone&#8221; scroll_vertical_motion_tablet=&#8221;0|50|50|100|0|0|0&#8243; scroll_vertical_motion_phone=&#8221;0|50|50|100|0|0|0&#8243; scroll_vertical_motion_last_edited=&#8221;on|desktop&#8221; global_colors_info=&#8221;{}&#8221;]<\/p>\n<h1>La palabra del padre<\/h1>\n<p>[\/et_pb_text][\/et_pb_column][\/et_pb_row][\/et_pb_section][et_pb_section fb_built=&#8221;1&#8243; disabled_on=&#8221;off|off|off&#8221; module_id=&#8221;libri&#8221; _builder_version=&#8221;4.23.1&#8243; _module_preset=&#8221;default&#8221; background_color=&#8221;#f7f7f7&#8243; custom_margin=&#8221;50px||||false|false&#8221; custom_padding=&#8221;0px||50px||false|false&#8221; locked=&#8221;off&#8221; global_colors_info=&#8221;{}&#8221;][et_pb_row _builder_version=&#8221;4.22.1&#8243; _module_preset=&#8221;default&#8221; locked=&#8221;off&#8221; global_colors_info=&#8221;{}&#8221;][et_pb_column type=&#8221;4_4&#8243; _builder_version=&#8221;4.22.1&#8243; _module_preset=&#8221;default&#8221; global_colors_info=&#8221;{}&#8221;][et_pb_text _builder_version=&#8221;4.23.4&#8243; _module_preset=&#8221;default&#8221; text_font=&#8221;Corinthia|700|||||||&#8221; text_text_color=&#8221;#FFFFFF&#8221; text_font_size=&#8221;40px&#8221; background_enable_color=&#8221;off&#8221; use_background_color_gradient=&#8221;on&#8221; background_color_gradient_stops=&#8221;rgba(10,1,1,0.17) 0%|rgba(0,0,0,0.1) 100%&#8221; background_color_gradient_overlays_image=&#8221;on&#8221; background_image=&#8221;https:\/\/www.comunitafiglididio.net\/wp-content\/uploads\/2024\/01\/divo-barsotti-pensieri.webp&#8221; background_position=&#8221;bottom_center&#8221; background_vertical_offset=&#8221;57%&#8221; text_orientation=&#8221;center&#8221; custom_padding=&#8221;30px|15px|30px|15px|true|true&#8221; animation_style=&#8221;zoom&#8221; link_option_url=&#8221;\/es\/el-rastro-del-mes\/&#8221; hover_enabled=&#8221;0&#8243; text_text_shadow_style=&#8221;preset1&#8243; border_radii=&#8221;on|30px|30px|30px|30px&#8221; locked=&#8221;off&#8221; global_colors_info=&#8221;{}&#8221; transform_styles__hover_enabled=&#8221;on|hover&#8221; transform_scale__hover=&#8221;105%|105%&#8221; transform_scale__hover_enabled=&#8221;on|hover&#8221; transform_translate__hover_enabled=&#8221;on|desktop&#8221; transform_rotate__hover_enabled=&#8221;on|desktop&#8221; transform_skew__hover_enabled=&#8221;on|desktop&#8221; transform_origin__hover_enabled=&#8221;on|desktop&#8221; sticky_enabled=&#8221;0&#8243;]<\/p>\n<p>El rastro del mes<\/p>\n<p>[\/et_pb_text][\/et_pb_column][\/et_pb_row][et_pb_row _builder_version=&#8221;4.23.1&#8243; _module_preset=&#8221;default&#8221; custom_margin=&#8221;||||false|false&#8221; locked=&#8221;off&#8221; global_colors_info=&#8221;{}&#8221;][et_pb_column type=&#8221;4_4&#8243; _builder_version=&#8221;4.23&#8243; _module_preset=&#8221;default&#8221; global_colors_info=&#8221;{}&#8221;][dpdfg_filtergrid include_categories=&#8221;34&#8243; show_thumbnail=&#8221;off&#8221; use_overlay=&#8221;off&#8221; title_link=&#8221;on&#8221; show_post_meta=&#8221;off&#8221; show_content=&#8221;on&#8221; show_filters=&#8221;off&#8221; cache_on_page=&#8221;on&#8221; pagination_type=&#8221;scroll&#8221; items_layout=&#8221;dp-dfg-layout-list&#8221; thumb_min_width=&#8221;0px&#8221; thumb_width=&#8221;0%&#8221; primary_view=&#8221;%91{%22name%22:%22read_more_button%22,%22show%22:%22off%22},{%22name%22:%22overlay%22,%22show%22:%22on%22},{%22name%22:%22meta%22,%22show%22:%22on%22},{%22name%22:%22thumbnail%22,%22show%22:%22on%22},{%22name%22:%22action_button%22,%22show%22:%22off%22},{%22name%22:%22content%22,%22show%22:%22off%22},{%22name%22:%22title%22,%22show%22:%22off%22},{%22name%22:%22ext%22,%22show%22:%22off%22},{%22name%22:%22custom_content%22,%22show%22:%22off%22}%93&#8243; dfg_loader=&#8221;c3&#8243; dfg_lp=&#8221;48|48|19|0.7&#8243; dfg_lc1=&#8221;#0C71C3&#8243; dfg_lc2=&#8221;#E09900&#8243; show_search=&#8221;on&#8221; search_placeholder=&#8221;Busca&#8230;&#8221; bg_search=&#8221;#FFFFFF&#8221; bg_search_icon=&#8221;#FFFFFF&#8221; bg_items=&#8221;#FFFFFF&#8221; bg_filters=&#8221;#FFFFFF&#8221; bg_filter_active=&#8221;#FFFFFF&#8221; bg_sorting=&#8221;#FFFFFF&#8221; bg_sorting_active=&#8221;#FFFFFF&#8221; bg_pagination=&#8221;RGBA(255,255,255,0)&#8221; bg_pagination_active=&#8221;RGBA(255,255,255,0)&#8221; filters_width_tablet=&#8221;2&#8243; filters_width_phone=&#8221;1&#8243; filters_width_last_edited=&#8221;on|tablet&#8221; thumb_min_width_tablet=&#8221;0px&#8221; thumb_min_width_phone=&#8221;0px&#8221; thumb_min_width_last_edited=&#8221;on|phone&#8221; thumb_width_tablet=&#8221;0%&#8221; items_width_tablet=&#8221;35%&#8221; items_width_phone=&#8221;35%&#8221; items_width_last_edited=&#8221;on|tablet&#8221; _builder_version=&#8221;4.23.4&#8243; _module_preset=&#8221;default&#8221; dpdfg_entry_title_font=&#8221;|700|||||||&#8221; dpdfg_entry_title_text_color=&#8221;#000000&#8243; dpdfg_entry_title_font_size=&#8221;20px&#8221; dpdfg_entry_title_line_height=&#8221;1.2em&#8221; dpdfg_entry_meta_font=&#8221;||||||||&#8221; dpdfg_entry_summary_font=&#8221;||||||||&#8221; dpdfg_entry_summary_text_color=&#8221;#383838&#8243; dpdfg_entry_summary_line_height=&#8221;1.3em&#8221; dpdfg_entry_cf_label_text_color=&#8221;#000000&#8243; dpdfg_search_text_color=&#8221;#000000&#8243; dpdfg_filters_text_color=&#8221;#000000&#8243; dpdfg_filters_active_text_color=&#8221;#E09900&#8243; dpdfg_levels_labels_text_color=&#8221;#000000&#8243; dpdfg_dropdown_labels_text_color=&#8221;#000000&#8243; dpdfg_dropdown_tags_text_color=&#8221;#000000&#8243; dpdfg_pagination_text_color=&#8221;#000000&#8243; dpdfg_pagination_active_text_color=&#8221;#E09900&#8243; custom_read_more_button=&#8221;on&#8221; read_more_button_text_size=&#8221;15px&#8221; read_more_button_text_color=&#8221;#000000&#8243; read_more_button_border_width=&#8221;0px&#8221; read_more_button_border_radius=&#8221;0px&#8221; read_more_button_alignment=&#8221;left&#8221; custom_clear_filters_button=&#8221;on&#8221; clear_filters_button_text_size=&#8221;17px&#8221; clear_filters_button_text_color=&#8221;#000000&#8243; clear_filters_button_border_width=&#8221;1px&#8221; clear_filters_button_border_color=&#8221;#000000&#8243; clear_filters_button_border_radius=&#8221;0px&#8221; dpdfg_entry_title_font_size_tablet=&#8221;17px&#8221; dpdfg_entry_title_font_size_phone=&#8221;17px&#8221; dpdfg_entry_title_font_size_last_edited=&#8221;on|desktop&#8221; border_width_all=&#8221;0px&#8221; border_color_all=&#8221;RGBA(255,255,255,0)&#8221; border_width_bottom=&#8221;2px&#8221; border_color_bottom=&#8221;#E09900&#8243; global_colors_info=&#8221;{}&#8221; dpdfg_search_text_color__hover_enabled=&#8221;off|desktop&#8221;][\/dpdfg_filtergrid][\/et_pb_column][\/et_pb_row][\/et_pb_section]<\/p>\n","protected":false},"excerpt":{"rendered":"<p>La palabra del padreEl rastro del mes<div class=\"et_pb_with_border et_pb_module dpdfg_filtergrid dpdfg_filtergrid_0\">\n\t\t\t\t\n\t\t\t\t\n\t\t\t\t\n\t\t\t\t\n\t\t\t\t\n\t\t\t\t\n\t\t\t\t<div class=\"et_pb_module_inner\">\n\t\t\t\t\t<!-- DPDFG Start Main Container --><div class=\"dp-dfg-container dp-dfg-layout-list dp-dfg-skin-default dp-dfg-skin-top-filters\" data-active-filter=\"all\" data-page=\"1\" data-found-posts=\"26\" data-post-number=\"12\" data-default-filter=\"All\" data-link-filter=\"\" data-cache=\"on\" data-ratio=\"0.71\" data-show-thumb=\"off\" data-action=\"link\" data-new-window=\"off\" data-filters=\"off\" data-multifilter=\"off|OR\" data-multilevel=\"off|AND|off\" data-sorting=\"off\" data-order=\"DESC\" data-orderby=\"date\" data-initorderby=\"date\" data-url-navigation=\"off\" data-url-history=\"on|reload\" data-ajax-filters=\"off\" data-doing-ajax=\"off\" data-module=\"dpdfg_filtergrid_0\" data-search=\"on\" data-search-position=\"above\" data-terms-tags=\"on\" data-pagination=\"on\" data-filter-method=\"default\" data-third-party=\"\" data-lightbox=\"on|||\" data-video-preview=\"off\" data-no-init=\"off\" data-st=\"on\"><div class=\"dp-dfg-search\"><input class=\"dp-dfg-search-input search-clean\" type=\"search\" placeholder=\"Busca...\" value=\"\"\/><span class=\"et-pb-icon dp-dfg-search-icon\" data-icon-search=\"&amp;#x55;\" data-icon-clear=\"&amp;#x51;\">&amp;#x55;<\/span><\/div><!-- DPDFG End Search Container --><div class=\"dp-dfg-items\"><article id=\"post-4583\" class=\"dp-dfg-item post-4583 post type-post status-publish format-standard has-post-thumbnail hentry category-divo-barsotti-3 category-la-palabra-del-padre tag-divo-barsotti-4 tag-la-palabra-del-padre \"  data-link=\"https:\/\/www.comunitafiglididio.net\/es\/esta-es-oracion\/\"    data-position=\"0\"   data-new-tab=\"off\"   data-action-priority=\"item\"><div class=\"dp-dfg-overlay dp-dfg-hide\"><span class=\"dfg_et_overlay\"  data-icon=\"&amp;#xe050;\"><\/span><\/div><div class=\"dp-dfg-content entry-summary\">Hay que evitar malentendidos, cuando se habla de oraci\u00f3n continua. Se dice que el trabajo es oraci\u00f3n, que el ...<\/div><div class=\"dp-dfg-header entry-header\"><h2 class=\"entry-title\"><a href=\"https:\/\/www.comunitafiglididio.net\/es\/esta-es-oracion\/\" >\u00c9sta es oraci\u00f3n<\/a><\/h2><\/div><\/article><!-- DPDFG End Post Item Container --><article id=\"post-4578\" class=\"dp-dfg-item post-4578 post type-post status-publish format-standard has-post-thumbnail hentry category-divo-barsotti-3 category-la-palabra-del-padre tag-divo-barsotti-4 tag-la-palabra-del-padre \"  data-link=\"https:\/\/www.comunitafiglididio.net\/es\/el-amor-puro\/\"    data-position=\"1\"   data-new-tab=\"off\"   data-action-priority=\"item\"><div class=\"dp-dfg-overlay dp-dfg-hide\"><span class=\"dfg_et_overlay\"  data-icon=\"&amp;#xe050;\"><\/span><\/div><div class=\"dp-dfg-content entry-summary\">Reuni\u00f3n en Florencia del 1ro de julio de 1984\r\n\r\n\r\n\r\nEn el Evangelio, cuando el escriba se dirige al Maestro y le ...<\/div><div class=\"dp-dfg-header entry-header\"><h2 class=\"entry-title\"><a href=\"https:\/\/www.comunitafiglididio.net\/es\/el-amor-puro\/\" >El amor puro<\/a><\/h2><\/div><\/article><!-- DPDFG End Post Item Container --><article id=\"post-4575\" class=\"dp-dfg-item post-4575 post type-post status-publish format-standard has-post-thumbnail hentry category-divo-barsotti-3 category-la-palabra-del-padre tag-divo-barsotti-4 tag-la-palabra-del-padre \"  data-link=\"https:\/\/www.comunitafiglididio.net\/es\/la-progresiva-manifestacion-de-un-unico-misterio\/\"    data-position=\"2\"   data-new-tab=\"off\"   data-action-priority=\"item\"><div class=\"dp-dfg-overlay dp-dfg-hide\"><span class=\"dfg_et_overlay\"  data-icon=\"&amp;#xe050;\"><\/span><\/div><div class=\"dp-dfg-content entry-summary\">Dal mito alla verit\u00e0, Gribaudi, Tur\u00edn 1991, pp. 12-16\r\n\r\n\r\n\r\nEur\u00edpides es un escritor ejemplar para el que intenta ...<\/div><div class=\"dp-dfg-header entry-header\"><h2 class=\"entry-title\"><a href=\"https:\/\/www.comunitafiglididio.net\/es\/la-progresiva-manifestacion-de-un-unico-misterio\/\" >La progresiva manifestaci\u00f3n de un \u00fanico misterio<\/a><\/h2><\/div><\/article><!-- DPDFG End Post Item Container --><article id=\"post-4572\" class=\"dp-dfg-item post-4572 post type-post status-publish format-standard has-post-thumbnail hentry category-divo-barsotti-3 category-la-palabra-del-padre tag-divo-barsotti-4 tag-la-palabra-del-padre \"  data-link=\"https:\/\/www.comunitafiglididio.net\/es\/donde-haya-caridad-y-amor-alla-esta-dios\/\"    data-position=\"3\"   data-new-tab=\"off\"   data-action-priority=\"item\"><div class=\"dp-dfg-overlay dp-dfg-hide\"><span class=\"dfg_et_overlay\"  data-icon=\"&amp;#xe050;\"><\/span><\/div><div class=\"dp-dfg-content entry-summary\">Del Comentario a la primera carta de san Pedro\r\n\r\n\r\n\r\nLa vida de los cristianos es una vida que se deriva de una ...<\/div><div class=\"dp-dfg-header entry-header\"><h2 class=\"entry-title\"><a href=\"https:\/\/www.comunitafiglididio.net\/es\/donde-haya-caridad-y-amor-alla-esta-dios\/\" >Donde haya caridad y amor, all\u00e1 est\u00e1 Dios<\/a><\/h2><\/div><\/article><!-- DPDFG End Post Item Container --><article id=\"post-4569\" class=\"dp-dfg-item post-4569 post type-post status-publish format-standard has-post-thumbnail hentry category-divo-barsotti-3 category-la-palabra-del-padre tag-divo-barsotti-4 tag-la-palabra-del-padre \"  data-link=\"https:\/\/www.comunitafiglididio.net\/es\/vida-angelica\/\"    data-position=\"4\"   data-new-tab=\"off\"   data-action-priority=\"item\"><div class=\"dp-dfg-overlay dp-dfg-hide\"><span class=\"dfg_et_overlay\"  data-icon=\"&amp;#xe050;\"><\/span><\/div><div class=\"dp-dfg-content entry-summary\">\u00abBios angelik\u00f3s \u2013 vida ang\u00e9lica\u00bb. En la vida ang\u00e9lica, la vida contemplativa se asocia a la vida activa, pues los ...<\/div><div class=\"dp-dfg-header entry-header\"><h2 class=\"entry-title\"><a href=\"https:\/\/www.comunitafiglididio.net\/es\/vida-angelica\/\" >Vida ang\u00e9lica<\/a><\/h2><\/div><\/article><!-- DPDFG End Post Item Container --><article id=\"post-4566\" class=\"dp-dfg-item post-4566 post type-post status-publish format-standard has-post-thumbnail hentry category-divo-barsotti-3 category-la-palabra-del-padre tag-divo-barsotti-4 tag-la-palabra-del-padre \"  data-link=\"https:\/\/www.comunitafiglididio.net\/es\/apostolado-social\/\"    data-position=\"5\"   data-new-tab=\"off\"   data-action-priority=\"item\"><div class=\"dp-dfg-overlay dp-dfg-hide\"><span class=\"dfg_et_overlay\"  data-icon=\"&amp;#xe050;\"><\/span><\/div><div class=\"dp-dfg-content entry-summary\">Temi per una nuova coscienza sociale (1944), pp. 21-24\n\n\n\nEl papa P\u00edo XII ha afirmado que la responsabilidad del ...<\/div><div class=\"dp-dfg-header entry-header\"><h2 class=\"entry-title\"><a href=\"https:\/\/www.comunitafiglididio.net\/es\/apostolado-social\/\" >APOSTOLADO SOCIAL<\/a><\/h2><\/div><\/article><!-- DPDFG End Post Item Container --><article id=\"post-4563\" class=\"dp-dfg-item post-4563 post type-post status-publish format-standard has-post-thumbnail hentry category-divo-barsotti-3 category-la-palabra-del-padre tag-divo-barsotti-4 tag-la-palabra-del-padre \"  data-link=\"https:\/\/www.comunitafiglididio.net\/es\/de-la-alienacion-a-la-presencia\/\"    data-position=\"6\"   data-new-tab=\"off\"   data-action-priority=\"item\"><div class=\"dp-dfg-overlay dp-dfg-hide\"><span class=\"dfg_et_overlay\"  data-icon=\"&amp;#xe050;\"><\/span><\/div><div class=\"dp-dfg-content entry-summary\">Ejercicios espirituales del Monte Alvernia, 3 a 10 de agosto de 1980\n\n\n\nEn este mundo vivimos una vida de ...<\/div><div class=\"dp-dfg-header entry-header\"><h2 class=\"entry-title\"><a href=\"https:\/\/www.comunitafiglididio.net\/es\/de-la-alienacion-a-la-presencia\/\" >De la alienaci\u00f3n a la Presencia<\/a><\/h2><\/div><\/article><!-- DPDFG End Post Item Container --><article id=\"post-4560\" class=\"dp-dfg-item post-4560 post type-post status-publish format-standard has-post-thumbnail hentry category-divo-barsotti-3 category-la-palabra-del-padre tag-divo-barsotti-4 tag-la-palabra-del-padre \"  data-link=\"https:\/\/www.comunitafiglididio.net\/es\/la-justicia-y-la-caridad\/\"    data-position=\"7\"   data-new-tab=\"off\"   data-action-priority=\"item\"><div class=\"dp-dfg-overlay dp-dfg-hide\"><span class=\"dfg_et_overlay\"  data-icon=\"&amp;#xe050;\"><\/span><\/div><div class=\"dp-dfg-content entry-summary\">Reuni\u00f3n en Florencia del 6 de febrero de 1966\n\n\n\nEn la \u00faltima parte de la par\u00e1bola de los trabajadores en la vi\u00f1a, ...<\/div><div class=\"dp-dfg-header entry-header\"><h2 class=\"entry-title\"><a href=\"https:\/\/www.comunitafiglididio.net\/es\/la-justicia-y-la-caridad\/\" >La justicia y la caridad<\/a><\/h2><\/div><\/article><!-- DPDFG End Post Item Container --><article id=\"post-4557\" class=\"dp-dfg-item post-4557 post type-post status-publish format-standard has-post-thumbnail hentry category-divo-barsotti-3 category-la-palabra-del-padre tag-divo-barsotti-4 tag-la-palabra-del-padre \"  data-link=\"https:\/\/www.comunitafiglididio.net\/es\/el-amor-nos-condena-para-salvarnos\/\"    data-position=\"8\"   data-new-tab=\"off\"   data-action-priority=\"item\"><div class=\"dp-dfg-overlay dp-dfg-hide\"><span class=\"dfg_et_overlay\"  data-icon=\"&amp;#xe050;\"><\/span><\/div><div class=\"dp-dfg-content entry-summary\">Verso la visione (Ed. Paccagnella, 1999), pp. 113-117\n\n\n\nPoco a poco debemos volver a poner a servicio del amor ...<\/div><div class=\"dp-dfg-header entry-header\"><h2 class=\"entry-title\"><a href=\"https:\/\/www.comunitafiglididio.net\/es\/el-amor-nos-condena-para-salvarnos\/\" >El amor nos condena para salvarnos<\/a><\/h2><\/div><\/article><!-- DPDFG End Post Item Container --><article id=\"post-4554\" class=\"dp-dfg-item post-4554 post type-post status-publish format-standard has-post-thumbnail hentry category-divo-barsotti-3 category-la-palabra-del-padre tag-divo-barsotti-4 tag-la-palabra-del-padre \"  data-link=\"https:\/\/www.comunitafiglididio.net\/es\/dialogando-con-el-mundo\/\"    data-position=\"9\"   data-new-tab=\"off\"   data-action-priority=\"item\"><div class=\"dp-dfg-overlay dp-dfg-hide\"><span class=\"dfg_et_overlay\"  data-icon=\"&amp;#xe050;\"><\/span><\/div><div class=\"dp-dfg-content entry-summary\">Reuni\u00f3n en Florencia del 6 de febrero de 1966\n\n\n\nEsta ma\u00f1ana me dec\u00eda: \u00abEl ate\u00edsmo moderno \u00bfqu\u00e9 es? \u00bfNo es tal vez ...<\/div><div class=\"dp-dfg-header entry-header\"><h2 class=\"entry-title\"><a href=\"https:\/\/www.comunitafiglididio.net\/es\/dialogando-con-el-mundo\/\" >Dialogando con el mundo<\/a><\/h2><\/div><\/article><!-- DPDFG End Post Item Container --><article id=\"post-4547\" class=\"dp-dfg-item post-4547 post type-post status-publish format-standard has-post-thumbnail hentry category-divo-barsotti-3 category-la-palabra-del-padre tag-divo-barsotti-4 tag-la-palabra-del-padre \"  data-link=\"https:\/\/www.comunitafiglididio.net\/es\/apertura-ecumenica-2\/\"    data-position=\"10\"   data-new-tab=\"off\"   data-action-priority=\"item\"><div class=\"dp-dfg-overlay dp-dfg-hide\"><span class=\"dfg_et_overlay\"  data-icon=\"&amp;#xe050;\"><\/span><\/div><div class=\"dp-dfg-content entry-summary\">Del Retiro del 19 de enero de 1986 en Casa San Sergio\n\n\n\nEn el octavario de oraci\u00f3n por la unidad de los ...<\/div><div class=\"dp-dfg-header entry-header\"><h2 class=\"entry-title\"><a href=\"https:\/\/www.comunitafiglididio.net\/es\/apertura-ecumenica-2\/\" >Apertura ecum\u00e9nica<\/a><\/h2><\/div><\/article><!-- DPDFG End Post Item Container --><article id=\"post-4543\" class=\"dp-dfg-item post-4543 post type-post status-publish format-standard has-post-thumbnail hentry category-divo-barsotti-3 category-la-palabra-del-padre tag-divo-barsotti-4 tag-la-palabra-del-padre \"  data-link=\"https:\/\/www.comunitafiglididio.net\/es\/no-te-apartes\/\"    data-position=\"11\"   data-new-tab=\"off\"   data-action-priority=\"item\"><div class=\"dp-dfg-overlay dp-dfg-hide\"><span class=\"dfg_et_overlay\"  data-icon=\"&amp;#xe050;\"><\/span><\/div><div class=\"dp-dfg-content entry-summary\">Dio solo e Ges\u00f9 crocifisso, 1985, pp. 56-58\n\n\n\nVivimos con Cristo una sola vida y nuestra vida es la alabanza al ...<\/div><div class=\"dp-dfg-header entry-header\"><h2 class=\"entry-title\"><a href=\"https:\/\/www.comunitafiglididio.net\/es\/no-te-apartes\/\" >No te apartes\u2026<\/a><\/h2><\/div><\/article><!-- DPDFG End Post Item Container --><\/div><!-- DPDFG End Posts Items Container --><div class=\"dp-dfg-pagination\" data-base-url=\"\/es\/wp-json\/wp\/v2\/s\/10467\" data-url-args=\"\"><div  class=\"dp-dfg-ajax-scroll active\"><a class=\"dp-dfg-scroll-page-link dp-dfg-hide\" href=\"?sf_paged=2\">Next Page<\/a><\/div><\/div><!-- DPDFG End Pagination Container --><\/div><!-- DPDFG End Main Container -->\n\t\t\t\t<\/div>\n\t\t\t<\/div><\/p>\n","protected":false},"author":1,"featured_media":9916,"parent":0,"menu_order":0,"comment_status":"closed","ping_status":"closed","template":"","meta":{"_et_pb_use_builder":"on","_et_pb_old_content":"<p>[et_pb_section fb_built=\"1\" custom_padding_last_edited=\"on|phone\" _builder_version=\"4.23.4\" _module_preset=\"default\" background_image=\"https:\/\/www.comunitafiglididio.net\/wp-content\/uploads\/2024\/01\/divo-barsotti-meditazioni.webp\" background_blend=\"multiply\" custom_padding=\"75px||90px||false|\" custom_padding_tablet=\"75px||90px||false|\" custom_padding_phone=\"||50px||false|false\" bottom_divider_style=\"curve\" bottom_divider_color=\"#f7f7f7\" bottom_divider_height_tablet=\"\" bottom_divider_height_phone=\"45px\" bottom_divider_height_last_edited=\"on|phone\" hover_enabled=\"0\" locked=\"off\" global_colors_info=\"{}\" alt=\"divo-barsotti-meditazioni\" title_text=\"divo-barsotti-meditazioni\" background_position=\"bottom_center\" background_vertical_offset=\"59%\" sticky_enabled=\"0\"][et_pb_row _builder_version=\"4.20.2\" _module_preset=\"default\" max_width=\"2560px\" locked=\"off\" global_colors_info=\"{}\"][et_pb_column type=\"4_4\" _builder_version=\"4.20.2\" _module_preset=\"default\" global_colors_info=\"{}\"][et_pb_text _builder_version=\"4.22.1\" _module_preset=\"default\" header_font=\"Corinthia||||||||\" header_text_align=\"center\" header_text_color=\"#FFFFFF\" header_font_size=\"10vw\" hover_transition_duration=\"2000ms\" scroll_vertical_motion=\"0|80|80|100|0|0|12\" scroll_fade=\"0|70|70|100|100%|100|70%\" motion_trigger_start=\"bottom\" header_font_size_tablet=\"10vw\" header_font_size_phone=\"12vw\" header_font_size_last_edited=\"on|phone\" scroll_vertical_motion_tablet=\"0|50|50|100|0|0|0\" scroll_vertical_motion_phone=\"0|50|50|100|0|0|0\" scroll_vertical_motion_last_edited=\"on|desktop\" global_colors_info=\"{}\"]<\/p><h1>Meditazioni<\/h1><p>[\/et_pb_text][\/et_pb_column][\/et_pb_row][\/et_pb_section][et_pb_section fb_built=\"1\" disabled_on=\"off|off|off\" module_id=\"libri\" _builder_version=\"4.23.1\" _module_preset=\"default\" background_color=\"#f7f7f7\" custom_margin=\"50px||||false|false\" custom_padding=\"0px||50px||false|false\" locked=\"off\" global_colors_info=\"{}\"][et_pb_row column_structure=\"1_2,1_2\" _builder_version=\"4.22.1\" _module_preset=\"default\" locked=\"off\" global_colors_info=\"{}\"][et_pb_column type=\"1_2\" _builder_version=\"4.22.1\" _module_preset=\"default\" global_colors_info=\"{}\"][et_pb_text _builder_version=\"4.23.4\" _module_preset=\"default\" text_font=\"Corinthia|700|||||||\" text_text_color=\"#FFFFFF\" text_font_size=\"40px\" background_enable_color=\"off\" use_background_color_gradient=\"on\" background_color_gradient_stops=\"rgba(10,1,1,0.17) 0%|rgba(0,0,0,0.1) 100%\" background_color_gradient_overlays_image=\"on\" background_image=\"https:\/\/www.comunitafiglididio.net\/wp-content\/uploads\/2024\/01\/divo-barsotti-pensieri.webp\" text_orientation=\"center\" custom_padding=\"30px|15px|30px|15px|true|true\" animation_style=\"zoom\" link_option_url=\"\/pensieri\/\" hover_enabled=\"0\" text_text_shadow_style=\"preset1\" border_radii=\"on|30px|30px|30px|30px\" global_colors_info=\"{}\" transform_styles__hover_enabled=\"on|hover\" transform_scale__hover=\"105%|105%\" transform_scale__hover_enabled=\"on|hover\" transform_translate__hover_enabled=\"on|desktop\" transform_rotate__hover_enabled=\"on|desktop\" transform_skew__hover_enabled=\"on|desktop\" transform_origin__hover_enabled=\"on|desktop\" alt=\"divo-barsotti-pensieri\" title_text=\"divo-barsotti-pensieri\" background_position=\"bottom_center\" background_vertical_offset=\"57%\" sticky_enabled=\"0\" locked=\"off\"]<\/p><p>Leggi i Pensieri<\/p><p>[\/et_pb_text][\/et_pb_column][et_pb_column type=\"1_2\" _builder_version=\"4.22.1\" _module_preset=\"default\" global_colors_info=\"{}\"][et_pb_text _builder_version=\"4.23.4\" _module_preset=\"default\" text_font=\"Corinthia|700|||||||\" text_text_color=\"#FFFFFF\" text_font_size=\"40px\" background_enable_color=\"off\" use_background_color_gradient=\"on\" background_color_gradient_stops=\"rgba(10,1,1,0.17) 0%|rgba(0,0,0,0.1) 100%\" background_color_gradient_overlays_image=\"on\" background_image=\"https:\/\/www.comunitafiglididio.net\/wp-content\/uploads\/2024\/02\/omelie.webp\" text_orientation=\"center\" custom_padding=\"30px|15px|30px|15px|true|true\" animation_style=\"zoom\" link_option_url=\"\/omelie\/\" hover_enabled=\"0\" text_text_shadow_style=\"preset1\" border_radii=\"on|30px|30px|30px|30px\" global_colors_info=\"{}\" transform_styles__hover_enabled=\"on|hover\" transform_scale__hover=\"105%|105%\" transform_scale__hover_enabled=\"on|hover\" transform_translate__hover_enabled=\"on|desktop\" transform_rotate__hover_enabled=\"on|desktop\" transform_skew__hover_enabled=\"on|desktop\" transform_origin__hover_enabled=\"on|desktop\" alt=\"omelie\" title_text=\"omelie\" sticky_enabled=\"0\" locked=\"off\"]<\/p><p>Consulta le Omelie<\/p><p>[\/et_pb_text][\/et_pb_column][\/et_pb_row][et_pb_row _builder_version=\"4.23.1\" _module_preset=\"default\" custom_margin=\"||||false|false\" locked=\"off\" global_colors_info=\"{}\"][et_pb_column type=\"4_4\" _builder_version=\"4.23\" _module_preset=\"default\" global_colors_info=\"{}\"][dpdfg_filtergrid custom_query=\"advanced\" use_taxonomy_terms=\"on\" include_terms=\"65,66,75,68,70,78,77,49,73\" show_thumbnail=\"off\" use_overlay=\"off\" title_link=\"on\" show_post_meta=\"off\" show_content=\"on\" filter_terms=\"65,66,75,68,70,78,77,49,73\" hide_all=\"on\" filters_order=\"DESC\" pagination_type=\"scroll\" items_layout=\"dp-dfg-layout-list\" thumb_min_width=\"0px\" thumb_width=\"0%\" primary_view=\"%91{%22name%22:%22read_more_button%22,%22show%22:%22off%22},{%22name%22:%22overlay%22,%22show%22:%22on%22},{%22name%22:%22meta%22,%22show%22:%22on%22},{%22name%22:%22thumbnail%22,%22show%22:%22on%22},{%22name%22:%22action_button%22,%22show%22:%22off%22},{%22name%22:%22content%22,%22show%22:%22off%22},{%22name%22:%22title%22,%22show%22:%22off%22},{%22name%22:%22ext%22,%22show%22:%22off%22},{%22name%22:%22custom_content%22,%22show%22:%22off%22}%93\" dfg_loader=\"c3\" dfg_lp=\"48|48|19|0.7\" dfg_lc1=\"#0C71C3\" dfg_lc2=\"#E09900\" bg_search=\"#FFFFFF\" bg_search_icon=\"#FFFFFF\" bg_items=\"#FFFFFF\" bg_filters=\"#FFFFFF\" bg_filter_active=\"#FFFFFF\" bg_sorting=\"#FFFFFF\" bg_sorting_active=\"#FFFFFF\" bg_pagination=\"RGBA(255,255,255,0)\" bg_pagination_active=\"RGBA(255,255,255,0)\" filters_width_tablet=\"2\" filters_width_phone=\"1\" filters_width_last_edited=\"on|tablet\" thumb_min_width_tablet=\"0px\" thumb_min_width_phone=\"0px\" thumb_min_width_last_edited=\"on|phone\" thumb_width_tablet=\"0%\" items_width_tablet=\"35%\" items_width_phone=\"35%\" items_width_last_edited=\"on|tablet\" _builder_version=\"4.23.4\" _module_preset=\"default\" dpdfg_entry_title_font=\"|700|||||||\" dpdfg_entry_title_text_color=\"#000000\" dpdfg_entry_title_font_size=\"20px\" dpdfg_entry_title_line_height=\"1.2em\" dpdfg_entry_meta_font=\"||||||||\" dpdfg_entry_summary_font=\"||||||||\" dpdfg_entry_summary_text_color=\"#383838\" dpdfg_entry_summary_line_height=\"1.3em\" dpdfg_entry_cf_label_text_color=\"#000000\" dpdfg_search_text_color=\"#000000\" dpdfg_filters_text_color=\"#000000\" dpdfg_filters_active_text_color=\"#E09900\" dpdfg_levels_labels_text_color=\"#000000\" dpdfg_dropdown_labels_text_color=\"#000000\" dpdfg_dropdown_tags_text_color=\"#000000\" dpdfg_pagination_text_color=\"#000000\" dpdfg_pagination_active_text_color=\"#E09900\" custom_read_more_button=\"on\" read_more_button_text_size=\"15px\" read_more_button_text_color=\"#000000\" read_more_button_border_width=\"0px\" read_more_button_border_radius=\"0px\" read_more_button_alignment=\"left\" custom_clear_filters_button=\"on\" clear_filters_button_text_size=\"17px\" clear_filters_button_text_color=\"#000000\" clear_filters_button_border_width=\"1px\" clear_filters_button_border_color=\"#000000\" clear_filters_button_border_radius=\"0px\" dpdfg_entry_title_font_size_tablet=\"17px\" dpdfg_entry_title_font_size_phone=\"17px\" dpdfg_entry_title_font_size_last_edited=\"on|desktop\" border_width_all=\"0px\" border_color_all=\"RGBA(255,255,255,0)\" border_width_bottom=\"2px\" border_color_bottom=\"#E09900\" global_colors_info=\"{}\" dpdfg_search_text_color__hover_enabled=\"off|desktop\"][\/dpdfg_filtergrid][\/et_pb_column][\/et_pb_row][\/et_pb_section]<\/p>","_et_gb_content_width":"","footnotes":""},"class_list":["post-10467","page","type-page","status-publish","has-post-thumbnail","hentry"],"aioseo_notices":[],"aioseo_head":"\n\t\t<!-- All in One SEO Pro 4.9.10 - aioseo.com -->\n\t<meta name=\"description\" content=\"La palabra del padre El rastro del mes UHay que evitar malentendidos, cuando se habla de oraci\u00f3n continua. Se dice que el trabajo es oraci\u00f3n, que el ...\u00c9sta es oraci\u00f3nReuni\u00f3n en Florencia del 1ro de julio de 1984 En el Evangelio, cuando el escriba se dirige al Maestro y le ...El amor puroDal mito alla\" \/>\n\t<meta name=\"robots\" content=\"max-image-preview:large\" \/>\n\t<link rel=\"canonical\" href=\"https:\/\/www.comunitafiglididio.net\/es\/la-palabra-del-padre\/\" \/>\n\t<meta name=\"generator\" content=\"All in One SEO Pro (AIOSEO) 4.9.10\" \/>\n\t\t<meta property=\"og:locale\" content=\"es_ES\" \/>\n\t\t<meta property=\"og:site_name\" content=\"Comunit\u00e0 dei figli di Dio |\" \/>\n\t\t<meta property=\"og:type\" content=\"article\" \/>\n\t\t<meta property=\"og:title\" content=\"La palabra del padre | Comunit\u00e0 dei figli di Dio\" \/>\n\t\t<meta property=\"og:description\" content=\"La palabra del padre El rastro del mes UHay que evitar malentendidos, cuando se habla de oraci\u00f3n continua. Se dice que el trabajo es oraci\u00f3n, que el ...\u00c9sta es oraci\u00f3nReuni\u00f3n en Florencia del 1ro de julio de 1984 En el Evangelio, cuando el escriba se dirige al Maestro y le ...El amor puroDal mito alla\" \/>\n\t\t<meta property=\"og:url\" content=\"https:\/\/www.comunitafiglididio.net\/es\/la-palabra-del-padre\/\" \/>\n\t\t<meta property=\"og:image\" content=\"https:\/\/www.comunitafiglididio.net\/wp-content\/uploads\/2023\/04\/favicon-comunita-figli-di-dio.webp\" \/>\n\t\t<meta property=\"og:image:secure_url\" content=\"https:\/\/www.comunitafiglididio.net\/wp-content\/uploads\/2023\/04\/favicon-comunita-figli-di-dio.webp\" \/>\n\t\t<meta property=\"og:image:width\" content=\"512\" \/>\n\t\t<meta property=\"og:image:height\" content=\"512\" \/>\n\t\t<meta property=\"article:published_time\" content=\"2023-12-11T15:41:33+00:00\" \/>\n\t\t<meta property=\"article:modified_time\" content=\"2024-02-27T08:27:39+00:00\" \/>\n\t\t<meta name=\"twitter:card\" content=\"summary_large_image\" \/>\n\t\t<meta name=\"twitter:title\" content=\"La palabra del padre | Comunit\u00e0 dei figli di Dio\" \/>\n\t\t<meta name=\"twitter:description\" content=\"La palabra del padre El rastro del mes UHay que evitar malentendidos, cuando se habla de oraci\u00f3n continua. Se dice que el trabajo es oraci\u00f3n, que el ...\u00c9sta es oraci\u00f3nReuni\u00f3n en Florencia del 1ro de julio de 1984 En el Evangelio, cuando el escriba se dirige al Maestro y le ...El amor puroDal mito alla\" \/>\n\t\t<meta name=\"twitter:image\" content=\"https:\/\/www.comunitafiglididio.net\/wp-content\/uploads\/2023\/04\/favicon-comunita-figli-di-dio.webp\" \/>\n\t\t<script type=\"application\/ld+json\" class=\"aioseo-schema\">\n\t\t\t{\"@context\":\"https:\\\/\\\/schema.org\",\"@graph\":[{\"@type\":\"BreadcrumbList\",\"@id\":\"https:\\\/\\\/www.comunitafiglididio.net\\\/es\\\/la-palabra-del-padre\\\/#breadcrumblist\",\"itemListElement\":[{\"@type\":\"ListItem\",\"@id\":\"https:\\\/\\\/www.comunitafiglididio.net\\\/es\\\/#listItem\",\"position\":1,\"name\":\"Home\",\"item\":\"https:\\\/\\\/www.comunitafiglididio.net\\\/es\\\/\",\"nextItem\":{\"@type\":\"ListItem\",\"@id\":\"https:\\\/\\\/www.comunitafiglididio.net\\\/es\\\/la-palabra-del-padre\\\/#listItem\",\"name\":\"La palabra del padre\"}},{\"@type\":\"ListItem\",\"@id\":\"https:\\\/\\\/www.comunitafiglididio.net\\\/es\\\/la-palabra-del-padre\\\/#listItem\",\"position\":2,\"name\":\"La palabra del padre\",\"previousItem\":{\"@type\":\"ListItem\",\"@id\":\"https:\\\/\\\/www.comunitafiglididio.net\\\/es\\\/#listItem\",\"name\":\"Home\"}}]},{\"@type\":\"Organization\",\"@id\":\"https:\\\/\\\/www.comunitafiglididio.net\\\/es\\\/#organization\",\"name\":\"Comunit\\u00e0 dei Figli di Dio\",\"url\":\"https:\\\/\\\/www.comunitafiglididio.net\\\/es\\\/\",\"logo\":{\"@type\":\"ImageObject\",\"url\":\"https:\\\/\\\/www.comunitafiglididio.net\\\/wp-content\\\/uploads\\\/2023\\\/04\\\/favicon-comunita-figli-di-dio.webp\",\"@id\":\"https:\\\/\\\/www.comunitafiglididio.net\\\/es\\\/la-palabra-del-padre\\\/#organizationLogo\",\"width\":512,\"height\":512},\"image\":{\"@id\":\"https:\\\/\\\/www.comunitafiglididio.net\\\/es\\\/la-palabra-del-padre\\\/#organizationLogo\"},\"sameAs\":[\"https:\\\/\\\/www.youtube.com\\\/channel\\\/UC_tqDZM6AxgkNPhIX3SzZdA\"]},{\"@type\":\"WebPage\",\"@id\":\"https:\\\/\\\/www.comunitafiglididio.net\\\/es\\\/la-palabra-del-padre\\\/#webpage\",\"url\":\"https:\\\/\\\/www.comunitafiglididio.net\\\/es\\\/la-palabra-del-padre\\\/\",\"name\":\"La palabra del padre | Comunit\\u00e0 dei figli di Dio\",\"description\":\"La palabra del padre El rastro del mes UHay que evitar malentendidos, cuando se habla de oraci\\u00f3n continua. Se dice que el trabajo es oraci\\u00f3n, que el ...\\u00c9sta es oraci\\u00f3nReuni\\u00f3n en Florencia del 1ro de julio de 1984 En el Evangelio, cuando el escriba se dirige al Maestro y le ...El amor puroDal mito alla\",\"inLanguage\":\"es-ES\",\"isPartOf\":{\"@id\":\"https:\\\/\\\/www.comunitafiglididio.net\\\/es\\\/#website\"},\"breadcrumb\":{\"@id\":\"https:\\\/\\\/www.comunitafiglididio.net\\\/es\\\/la-palabra-del-padre\\\/#breadcrumblist\"},\"image\":{\"@type\":\"ImageObject\",\"url\":\"https:\\\/\\\/www.comunitafiglididio.net\\\/wp-content\\\/uploads\\\/2022\\\/08\\\/divo-barsotti-il-padre.webp\",\"@id\":\"https:\\\/\\\/www.comunitafiglididio.net\\\/es\\\/la-palabra-del-padre\\\/#mainImage\",\"width\":1100,\"height\":700},\"primaryImageOfPage\":{\"@id\":\"https:\\\/\\\/www.comunitafiglididio.net\\\/es\\\/la-palabra-del-padre\\\/#mainImage\"},\"datePublished\":\"2023-12-11T16:41:33+01:00\",\"dateModified\":\"2024-02-27T09:27:39+01:00\"},{\"@type\":\"WebSite\",\"@id\":\"https:\\\/\\\/www.comunitafiglididio.net\\\/es\\\/#website\",\"url\":\"https:\\\/\\\/www.comunitafiglididio.net\\\/es\\\/\",\"name\":\"Comunit\\u00e0 dei Figli di Dio\",\"inLanguage\":\"es-ES\",\"publisher\":{\"@id\":\"https:\\\/\\\/www.comunitafiglididio.net\\\/es\\\/#organization\"}}]}\n\t\t<\/script>\n\t\t<!-- All in One SEO Pro -->\r\n\t\t<title>La palabra del padre | Comunit\u00e0 dei figli di Dio<\/title>\n\n","aioseo_head_json":{"title":"La palabra del padre | Comunit\u00e0 dei figli di Dio","description":"La palabra del padre El rastro del mes UHay que evitar malentendidos, cuando se habla de oraci\u00f3n continua. Se dice que el trabajo es oraci\u00f3n, que el ...\u00c9sta es oraci\u00f3nReuni\u00f3n en Florencia del 1ro de julio de 1984 En el Evangelio, cuando el escriba se dirige al Maestro y le ...El amor puroDal mito alla","canonical_url":"https:\/\/www.comunitafiglididio.net\/es\/la-palabra-del-padre\/","robots":"max-image-preview:large","keywords":"","webmasterTools":{"miscellaneous":""},"schema":{"@context":"https:\/\/schema.org","@graph":[{"@type":"BreadcrumbList","@id":"https:\/\/www.comunitafiglididio.net\/es\/la-palabra-del-padre\/#breadcrumblist","itemListElement":[{"@type":"ListItem","@id":"https:\/\/www.comunitafiglididio.net\/es\/#listItem","position":1,"name":"Home","item":"https:\/\/www.comunitafiglididio.net\/es\/","nextItem":{"@type":"ListItem","@id":"https:\/\/www.comunitafiglididio.net\/es\/la-palabra-del-padre\/#listItem","name":"La palabra del padre"}},{"@type":"ListItem","@id":"https:\/\/www.comunitafiglididio.net\/es\/la-palabra-del-padre\/#listItem","position":2,"name":"La palabra del padre","previousItem":{"@type":"ListItem","@id":"https:\/\/www.comunitafiglididio.net\/es\/#listItem","name":"Home"}}]},{"@type":"Organization","@id":"https:\/\/www.comunitafiglididio.net\/es\/#organization","name":"Comunit\u00e0 dei Figli di Dio","url":"https:\/\/www.comunitafiglididio.net\/es\/","logo":{"@type":"ImageObject","url":"https:\/\/www.comunitafiglididio.net\/wp-content\/uploads\/2023\/04\/favicon-comunita-figli-di-dio.webp","@id":"https:\/\/www.comunitafiglididio.net\/es\/la-palabra-del-padre\/#organizationLogo","width":512,"height":512},"image":{"@id":"https:\/\/www.comunitafiglididio.net\/es\/la-palabra-del-padre\/#organizationLogo"},"sameAs":["https:\/\/www.youtube.com\/channel\/UC_tqDZM6AxgkNPhIX3SzZdA"]},{"@type":"WebPage","@id":"https:\/\/www.comunitafiglididio.net\/es\/la-palabra-del-padre\/#webpage","url":"https:\/\/www.comunitafiglididio.net\/es\/la-palabra-del-padre\/","name":"La palabra del padre | Comunit\u00e0 dei figli di Dio","description":"La palabra del padre El rastro del mes UHay que evitar malentendidos, cuando se habla de oraci\u00f3n continua. Se dice que el trabajo es oraci\u00f3n, que el ...\u00c9sta es oraci\u00f3nReuni\u00f3n en Florencia del 1ro de julio de 1984 En el Evangelio, cuando el escriba se dirige al Maestro y le ...El amor puroDal mito alla","inLanguage":"es-ES","isPartOf":{"@id":"https:\/\/www.comunitafiglididio.net\/es\/#website"},"breadcrumb":{"@id":"https:\/\/www.comunitafiglididio.net\/es\/la-palabra-del-padre\/#breadcrumblist"},"image":{"@type":"ImageObject","url":"https:\/\/www.comunitafiglididio.net\/wp-content\/uploads\/2022\/08\/divo-barsotti-il-padre.webp","@id":"https:\/\/www.comunitafiglididio.net\/es\/la-palabra-del-padre\/#mainImage","width":1100,"height":700},"primaryImageOfPage":{"@id":"https:\/\/www.comunitafiglididio.net\/es\/la-palabra-del-padre\/#mainImage"},"datePublished":"2023-12-11T16:41:33+01:00","dateModified":"2024-02-27T09:27:39+01:00"},{"@type":"WebSite","@id":"https:\/\/www.comunitafiglididio.net\/es\/#website","url":"https:\/\/www.comunitafiglididio.net\/es\/","name":"Comunit\u00e0 dei Figli di Dio","inLanguage":"es-ES","publisher":{"@id":"https:\/\/www.comunitafiglididio.net\/es\/#organization"}}]},"og:locale":"es_ES","og:site_name":"Comunit\u00e0 dei figli di Dio |","og:type":"article","og:title":"La palabra del padre | Comunit\u00e0 dei figli di Dio","og:description":"La palabra del padre El rastro del mes UHay que evitar malentendidos, cuando se habla de oraci\u00f3n continua. Se dice que el trabajo es oraci\u00f3n, que el ...\u00c9sta es oraci\u00f3nReuni\u00f3n en Florencia del 1ro de julio de 1984 En el Evangelio, cuando el escriba se dirige al Maestro y le ...El amor puroDal mito alla","og:url":"https:\/\/www.comunitafiglididio.net\/es\/la-palabra-del-padre\/","og:image":"https:\/\/www.comunitafiglididio.net\/wp-content\/uploads\/2023\/04\/favicon-comunita-figli-di-dio.webp","og:image:secure_url":"https:\/\/www.comunitafiglididio.net\/wp-content\/uploads\/2023\/04\/favicon-comunita-figli-di-dio.webp","og:image:width":512,"og:image:height":512,"article:published_time":"2023-12-11T15:41:33+00:00","article:modified_time":"2024-02-27T08:27:39+00:00","twitter:card":"summary_large_image","twitter:title":"La palabra del padre | Comunit\u00e0 dei figli di Dio","twitter:description":"La palabra del padre El rastro del mes UHay que evitar malentendidos, cuando se habla de oraci\u00f3n continua. Se dice que el trabajo es oraci\u00f3n, que el ...\u00c9sta es oraci\u00f3nReuni\u00f3n en Florencia del 1ro de julio de 1984 En el Evangelio, cuando el escriba se dirige al Maestro y le ...El amor puroDal mito alla","twitter:image":"https:\/\/www.comunitafiglididio.net\/wp-content\/uploads\/2023\/04\/favicon-comunita-figli-di-dio.webp"},"aioseo_meta_data":{"post_id":"10467","title":null,"description":null,"keywords":[],"keyphrases":{"focus":{"keyphrase":"","score":0,"analysis":{"keyphraseInTitle":{"score":0,"maxScore":9,"error":1}}},"additional":[]},"primary_term":null,"canonical_url":null,"og_title":null,"og_description":null,"og_object_type":"default","og_image_type":"default","og_image_url":null,"og_image_width":null,"og_image_height":null,"og_image_custom_url":null,"og_image_custom_fields":null,"og_video":"","og_custom_url":null,"og_article_section":null,"og_article_tags":[],"twitter_use_og":false,"twitter_card":"default","twitter_image_type":"default","twitter_image_url":null,"twitter_image_custom_url":null,"twitter_image_custom_fields":null,"twitter_title":null,"twitter_description":null,"schema":{"blockGraphs":[],"customGraphs":[],"default":{"data":{"Article":[],"Course":[],"Dataset":[],"FAQPage":[],"Movie":[],"Person":[],"Product":[],"ProductReview":[],"Car":[],"Recipe":[],"Service":[],"SoftwareApplication":[],"WebPage":[]},"graphName":"WebPage","isEnabled":true},"graphs":[]},"schema_type":"default","schema_type_options":null,"pillar_content":false,"robots_default":true,"robots_noindex":false,"robots_noarchive":false,"robots_nosnippet":false,"robots_nofollow":false,"robots_noimageindex":false,"robots_noodp":false,"robots_notranslate":false,"robots_max_snippet":"-1","robots_max_videopreview":"-1","robots_max_imagepreview":"large","priority":null,"frequency":"default","local_seo":null,"limit_modified_date":false,"open_ai":"{\"title\":{\"suggestions\":[],\"usage\":0},\"description\":{\"suggestions\":[],\"usage\":0}}","created":"2024-02-26 16:43:23","updated":"2026-08-07 08:01:15","ai":null,"breadcrumb_settings":null,"seo_analyzer_scan_date":"2026-07-30 15:28:44"},"aioseo_breadcrumb":"<div class=\"aioseo-breadcrumbs\"><span class=\"aioseo-breadcrumb\">\n\t<a href=\"https:\/\/www.comunitafiglididio.net\/es\/\" title=\"Home\">Home<\/a>\n<\/span><span class=\"aioseo-breadcrumb-separator\">&raquo;<\/span><span class=\"aioseo-breadcrumb\">\n\tLa palabra del padre\n<\/span><\/div>","aioseo_breadcrumb_json":[{"label":"Home","link":"https:\/\/www.comunitafiglididio.net\/es\/"},{"label":"La palabra del padre","link":"https:\/\/www.comunitafiglididio.net\/es\/la-palabra-del-padre\/"}],"_links":{"self":[{"href":"https:\/\/www.comunitafiglididio.net\/es\/wp-json\/wp\/v2\/pages\/10467","targetHints":{"allow":["GET"]}}],"collection":[{"href":"https:\/\/www.comunitafiglididio.net\/es\/wp-json\/wp\/v2\/pages"}],"about":[{"href":"https:\/\/www.comunitafiglididio.net\/es\/wp-json\/wp\/v2\/types\/page"}],"author":[{"embeddable":true,"href":"https:\/\/www.comunitafiglididio.net\/es\/wp-json\/wp\/v2\/users\/1"}],"replies":[{"embeddable":true,"href":"https:\/\/www.comunitafiglididio.net\/es\/wp-json\/wp\/v2\/comments?post=10467"}],"version-history":[{"count":12,"href":"https:\/\/www.comunitafiglididio.net\/es\/wp-json\/wp\/v2\/pages\/10467\/revisions"}],"predecessor-version":[{"id":10530,"href":"https:\/\/www.comunitafiglididio.net\/es\/wp-json\/wp\/v2\/pages\/10467\/revisions\/10530"}],"wp:featuredmedia":[{"embeddable":true,"href":"https:\/\/www.comunitafiglididio.net\/es\/wp-json\/wp\/v2\/media\/9916"}],"wp:attachment":[{"href":"https:\/\/www.comunitafiglididio.net\/es\/wp-json\/wp\/v2\/media?parent=10467"}],"curies":[{"name":"wp","href":"https:\/\/api.w.org\/{rel}","templated":true}]}}